{"id":1345,"date":"2018-04-03T13:08:57","date_gmt":"2018-04-03T17:08:57","guid":{"rendered":"https:\/\/www.pillarstrust.org\/a-propos\/"},"modified":"2023-10-10T11:14:50","modified_gmt":"2023-10-10T15:14:50","slug":"a-propos","status":"publish","type":"page","link":"https:\/\/www.pillarstrust.org\/fr\/a-propos\/","title":{"rendered":"\u00c0 propos"},"content":{"rendered":"<p>[vc_row css_animation=\u00a0\u00bb\u00a0\u00bb row_type=\u00a0\u00bbrow\u00a0\u00bb use_row_as_full_screen_section=\u00a0\u00bbno\u00a0\u00bb type=\u00a0\u00bbfull_width\u00a0\u00bb angled_section=\u00a0\u00bbno\u00a0\u00bb text_align=\u00a0\u00bbleft\u00a0\u00bb background_image_as_pattern=\u00a0\u00bbwithout_pattern\u00a0\u00bb css=\u00a0\u00bb.vc_custom_1568927137851{padding-top: 50px !important;padding-right: 100px !important;padding-bottom: 50px !important;padding-left: 100px !important;}\u00a0\u00bb z_index=\u00a0\u00bb\u00a0\u00bb][vc_column width=\u00a0\u00bb3\/4&Prime;][vc_column_text]<\/p>\n<h2>\u00c0 propos<\/h2>\n<p>C\u2019est en 1962 que le cardinal Paul-Emile L\u00e9ger a demand\u00e9 au r\u00e9v\u00e9rend Leonard Crowley, parfaitement bilingue, de commencer \u00e0 coordonner les services et les activit\u00e9s pour les fid\u00e8les anglophones de Montr\u00e9al. En 1971, le r\u00e9v\u00e9rend Crowley a \u00e9t\u00e9 nomm\u00e9 \u00e9v\u00eaque auxiliaire de Montr\u00e9al et directeur du Bureau des affaires de langue anglaise (BALA).<\/p>\n<p>Toujours pr\u00eat \u00e0 \u00ab encourager l\u2019initiative individuelle \u00bb et sous la mise en \u0153uvre de Vatican 2, Mgr Crowley organise et renforce les paroisses anglophones de Montr\u00e9al et encourage une participation accrue des la\u00efcs aux t\u00e2ches liturgiques. En 1972, sentant un changement dans le paysage politique de la province, Mgr Crowley a con\u00e7u le Pillars Trust Fund. En tant que pr\u00e9sident honoraire de Pillars pendant 25 ans, Mgr Crowley a fait appel \u00e0 des b\u00e9n\u00e9voles du monde des affaires, du clerg\u00e9 et des paroisses pour si\u00e9ger \u00e0 son conseil d\u2019administration.<\/p>\n<h2>En souvenir de notre fondateur \u2013 l\u2019\u00e9v\u00eaque Leonard J. Crowley<\/h2>\n<p><img loading=\"lazy\" decoding=\"async\" class=\"alignleft wp-image-332 size-full\" src=\"https:\/\/www.pillarstrust.org\/wp-content\/uploads\/2019\/09\/bishopcrowley-01c1.jpg\" alt=\"\" width=\"178\" height=\"266\">Les piliers encouragent la communaut\u00e9 catholique anglophone de Montr\u00e9al \u00e0 assumer la responsabilit\u00e9 financi\u00e8re de son bien-\u00eatre apostolique, religieux et spirituel. \u00c0 la fin de son mandat (23 ans) en tant que directeur du BALA, Mgr Crowley avait aid\u00e9 \u00e0 \u00e9tablir plus de 20 programmes et services, y compris le Catholic Times, Le Conseil catholique de Montr\u00e9al et le Conseil catholique anglophone pour n\u2019en nommer que quelques-uns. Pendant plus de deux d\u00e9cennies, avec tol\u00e9rance et vision, Mgr Crowley a fid\u00e8lement dirig\u00e9, servi et repr\u00e9sent\u00e9 les besoins des 250 000 catholiques anglophones de Montr\u00e9al aupr\u00e8s des dirigeants de l\u2019\u00c9glise et du gouvernement \u00e0 travers une \u00e8re de changement politique et \u00e0 travers un d\u00e9clin constant de l\u2019influence de l\u2019\u00c9glise.<\/p>\n<p>En repensant \u00e0 l\u2019\u00e9poque o\u00f9 il \u00e9tait \u00e0 la t\u00eate du BALA, il a fait remarquer: \u00ab Les fid\u00e8les remplissent toujours nos \u00e9glises. C\u2019est un bon signe \u2013 un signe que nous sommes pr\u00eats \u00e0 servir les autres. \u00bb[\/vc_column_text][\/vc_column][vc_column width=\u00a0\u00bb1\/4&Prime;][vc_widget_sidebar sidebar_id=\u00a0\u00bbAbout\u00a0\u00bb title=\u00a0\u00bb\u00c0 propos\u00a0\u00bb][\/vc_column][\/vc_row]<\/p>\n","protected":false},"excerpt":{"rendered":"<p>[vc_row css_animation=\u00a0\u00bb\u00a0\u00bb row_type=\u00a0\u00bbrow\u00a0\u00bb use_row_as_full_screen_section=\u00a0\u00bbno\u00a0\u00bb type=\u00a0\u00bbfull_width\u00a0\u00bb angled_section=\u00a0\u00bbno\u00a0\u00bb text_align=\u00a0\u00bbleft\u00a0\u00bb background_image_as_pattern=\u00a0\u00bbwithout_pattern\u00a0\u00bb css=\u00a0\u00bb.vc_custom_1568927137851{padding-top: 50px !important;padding-right: 100px !important;padding-bottom: 50px !important;padding-left: 100px !important;}\u00a0\u00bb z_index=\u00a0\u00bb\u00a0\u00bb][vc_column width=\u00a0\u00bb3\/4&Prime;][vc_column_text] \u00c0 propos C\u2019est en 1962 que le cardinal Paul-Emile L\u00e9ger a demand\u00e9 au r\u00e9v\u00e9rend Leonard Crowley, parfaitement bilingue, de commencer \u00e0 coordonner les services et les&#8230;<\/p>\n","protected":false},"author":2,"featured_media":1281,"parent":0,"menu_order":0,"comment_status":"closed","ping_status":"closed","template":"full_width.php","meta":{"footnotes":""},"class_list":["post-1345","page","type-page","status-publish","has-post-thumbnail","hentry"],"yoast_head":"<!-- This site is optimized with the Yoast SEO plugin v27.4 - https:\/\/yoast.com\/product\/yoast-seo-wordpress\/ -->\n<title>\u00c0 propos - The Pillars Trust Fund<\/title>\n<meta name=\"robots\" content=\"index, follow, max-snippet:-1, max-image-preview:large, max-video-preview:-1\" \/>\n<link rel=\"canonical\" href=\"https:\/\/www.pillarstrust.org\/fr\/a-propos\/\" \/>\n<meta property=\"og:locale\" content=\"fr_CA\" \/>\n<meta property=\"og:type\" content=\"article\" \/>\n<meta property=\"og:title\" content=\"\u00c0 propos - The Pillars Trust Fund\" \/>\n<meta property=\"og:description\" content=\"[vc_row css_animation=\u00a0\u00bb\u00a0\u00bb row_type=\u00a0\u00bbrow\u00a0\u00bb use_row_as_full_screen_section=\u00a0\u00bbno\u00a0\u00bb type=\u00a0\u00bbfull_width\u00a0\u00bb angled_section=\u00a0\u00bbno\u00a0\u00bb text_align=\u00a0\u00bbleft\u00a0\u00bb background_image_as_pattern=\u00a0\u00bbwithout_pattern\u00a0\u00bb css=\u00a0\u00bb.vc_custom_1568927137851{padding-top: 50px !important;padding-right: 100px !important;padding-bottom: 50px !important;padding-left: 100px !important;}\u00a0\u00bb z_index=\u00a0\u00bb\u00a0\u00bb][vc_column width=\u00a0\u00bb3\/4&Prime;][vc_column_text] \u00c0 propos C\u2019est en 1962 que le cardinal Paul-Emile L\u00e9ger a demand\u00e9 au r\u00e9v\u00e9rend Leonard Crowley, parfaitement bilingue, de commencer \u00e0 coordonner les services et les...\" \/>\n<meta property=\"og:url\" content=\"https:\/\/www.pillarstrust.org\/fr\/a-propos\/\" \/>\n<meta property=\"og:site_name\" content=\"The Pillars Trust Fund\" \/>\n<meta property=\"article:modified_time\" content=\"2023-10-10T15:14:50+00:00\" \/>\n<meta property=\"og:image\" content=\"https:\/\/www.pillarstrust.org\/wp-content\/uploads\/2018\/10\/priest-1352801_1920.jpg\" \/>\n\t<meta property=\"og:image:width\" content=\"800\" \/>\n\t<meta property=\"og:image:height\" content=\"500\" \/>\n\t<meta property=\"og:image:type\" content=\"image\/jpeg\" \/>\n<meta name=\"twitter:card\" content=\"summary_large_image\" \/>\n<meta name=\"twitter:label1\" content=\"Estimation du temps de lecture\" \/>\n\t<meta name=\"twitter:data1\" content=\"2 minutes\" \/>\n<script type=\"application\/ld+json\" class=\"yoast-schema-graph\">{\"@context\":\"https:\\\/\\\/schema.org\",\"@graph\":[{\"@type\":\"WebPage\",\"@id\":\"https:\\\/\\\/www.pillarstrust.org\\\/fr\\\/a-propos\\\/\",\"url\":\"https:\\\/\\\/www.pillarstrust.org\\\/fr\\\/a-propos\\\/\",\"name\":\"\u00c0 propos - The Pillars Trust Fund\",\"isPartOf\":{\"@id\":\"https:\\\/\\\/www.pillarstrust.org\\\/fr\\\/#website\"},\"primaryImageOfPage\":{\"@id\":\"https:\\\/\\\/www.pillarstrust.org\\\/fr\\\/a-propos\\\/#primaryimage\"},\"image\":{\"@id\":\"https:\\\/\\\/www.pillarstrust.org\\\/fr\\\/a-propos\\\/#primaryimage\"},\"thumbnailUrl\":\"https:\\\/\\\/www.pillarstrust.org\\\/wp-content\\\/uploads\\\/2018\\\/10\\\/priest-1352801_1920.jpg\",\"datePublished\":\"2018-04-03T17:08:57+00:00\",\"dateModified\":\"2023-10-10T15:14:50+00:00\",\"breadcrumb\":{\"@id\":\"https:\\\/\\\/www.pillarstrust.org\\\/fr\\\/a-propos\\\/#breadcrumb\"},\"inLanguage\":\"fr-CA\",\"potentialAction\":[{\"@type\":\"ReadAction\",\"target\":[\"https:\\\/\\\/www.pillarstrust.org\\\/fr\\\/a-propos\\\/\"]}]},{\"@type\":\"ImageObject\",\"inLanguage\":\"fr-CA\",\"@id\":\"https:\\\/\\\/www.pillarstrust.org\\\/fr\\\/a-propos\\\/#primaryimage\",\"url\":\"https:\\\/\\\/www.pillarstrust.org\\\/wp-content\\\/uploads\\\/2018\\\/10\\\/priest-1352801_1920.jpg\",\"contentUrl\":\"https:\\\/\\\/www.pillarstrust.org\\\/wp-content\\\/uploads\\\/2018\\\/10\\\/priest-1352801_1920.jpg\",\"width\":800,\"height\":500},{\"@type\":\"BreadcrumbList\",\"@id\":\"https:\\\/\\\/www.pillarstrust.org\\\/fr\\\/a-propos\\\/#breadcrumb\",\"itemListElement\":[{\"@type\":\"ListItem\",\"position\":1,\"name\":\"Accueil\",\"item\":\"https:\\\/\\\/www.pillarstrust.org\\\/fr\\\/\"},{\"@type\":\"ListItem\",\"position\":2,\"name\":\"\u00c0 propos\"}]},{\"@type\":\"WebSite\",\"@id\":\"https:\\\/\\\/www.pillarstrust.org\\\/fr\\\/#website\",\"url\":\"https:\\\/\\\/www.pillarstrust.org\\\/fr\\\/\",\"name\":\"The Pillars Trust Fund\",\"description\":\"We Are Catholic Strong\",\"potentialAction\":[{\"@type\":\"SearchAction\",\"target\":{\"@type\":\"EntryPoint\",\"urlTemplate\":\"https:\\\/\\\/www.pillarstrust.org\\\/fr\\\/?s={search_term_string}\"},\"query-input\":{\"@type\":\"PropertyValueSpecification\",\"valueRequired\":true,\"valueName\":\"search_term_string\"}}],\"inLanguage\":\"fr-CA\"}]}<\/script>\n<!-- \/ Yoast SEO plugin. -->","yoast_head_json":{"title":"\u00c0 propos - The Pillars Trust Fund","robots":{"index":"index","follow":"follow","max-snippet":"max-snippet:-1","max-image-preview":"max-image-preview:large","max-video-preview":"max-video-preview:-1"},"canonical":"https:\/\/www.pillarstrust.org\/fr\/a-propos\/","og_locale":"fr_CA","og_type":"article","og_title":"\u00c0 propos - The Pillars Trust Fund","og_description":"[vc_row css_animation=\u00a0\u00bb\u00a0\u00bb row_type=\u00a0\u00bbrow\u00a0\u00bb use_row_as_full_screen_section=\u00a0\u00bbno\u00a0\u00bb type=\u00a0\u00bbfull_width\u00a0\u00bb angled_section=\u00a0\u00bbno\u00a0\u00bb text_align=\u00a0\u00bbleft\u00a0\u00bb background_image_as_pattern=\u00a0\u00bbwithout_pattern\u00a0\u00bb css=\u00a0\u00bb.vc_custom_1568927137851{padding-top: 50px !important;padding-right: 100px !important;padding-bottom: 50px !important;padding-left: 100px !important;}\u00a0\u00bb z_index=\u00a0\u00bb\u00a0\u00bb][vc_column width=\u00a0\u00bb3\/4&Prime;][vc_column_text] \u00c0 propos C\u2019est en 1962 que le cardinal Paul-Emile L\u00e9ger a demand\u00e9 au r\u00e9v\u00e9rend Leonard Crowley, parfaitement bilingue, de commencer \u00e0 coordonner les services et les...","og_url":"https:\/\/www.pillarstrust.org\/fr\/a-propos\/","og_site_name":"The Pillars Trust Fund","article_modified_time":"2023-10-10T15:14:50+00:00","og_image":[{"width":800,"height":500,"url":"https:\/\/www.pillarstrust.org\/wp-content\/uploads\/2018\/10\/priest-1352801_1920.jpg","type":"image\/jpeg"}],"twitter_card":"summary_large_image","twitter_misc":{"Estimation du temps de lecture":"2 minutes"},"schema":{"@context":"https:\/\/schema.org","@graph":[{"@type":"WebPage","@id":"https:\/\/www.pillarstrust.org\/fr\/a-propos\/","url":"https:\/\/www.pillarstrust.org\/fr\/a-propos\/","name":"\u00c0 propos - The Pillars Trust Fund","isPartOf":{"@id":"https:\/\/www.pillarstrust.org\/fr\/#website"},"primaryImageOfPage":{"@id":"https:\/\/www.pillarstrust.org\/fr\/a-propos\/#primaryimage"},"image":{"@id":"https:\/\/www.pillarstrust.org\/fr\/a-propos\/#primaryimage"},"thumbnailUrl":"https:\/\/www.pillarstrust.org\/wp-content\/uploads\/2018\/10\/priest-1352801_1920.jpg","datePublished":"2018-04-03T17:08:57+00:00","dateModified":"2023-10-10T15:14:50+00:00","breadcrumb":{"@id":"https:\/\/www.pillarstrust.org\/fr\/a-propos\/#breadcrumb"},"inLanguage":"fr-CA","potentialAction":[{"@type":"ReadAction","target":["https:\/\/www.pillarstrust.org\/fr\/a-propos\/"]}]},{"@type":"ImageObject","inLanguage":"fr-CA","@id":"https:\/\/www.pillarstrust.org\/fr\/a-propos\/#primaryimage","url":"https:\/\/www.pillarstrust.org\/wp-content\/uploads\/2018\/10\/priest-1352801_1920.jpg","contentUrl":"https:\/\/www.pillarstrust.org\/wp-content\/uploads\/2018\/10\/priest-1352801_1920.jpg","width":800,"height":500},{"@type":"BreadcrumbList","@id":"https:\/\/www.pillarstrust.org\/fr\/a-propos\/#breadcrumb","itemListElement":[{"@type":"ListItem","position":1,"name":"Accueil","item":"https:\/\/www.pillarstrust.org\/fr\/"},{"@type":"ListItem","position":2,"name":"\u00c0 propos"}]},{"@type":"WebSite","@id":"https:\/\/www.pillarstrust.org\/fr\/#website","url":"https:\/\/www.pillarstrust.org\/fr\/","name":"The Pillars Trust Fund","description":"We Are Catholic Strong","potentialAction":[{"@type":"SearchAction","target":{"@type":"EntryPoint","urlTemplate":"https:\/\/www.pillarstrust.org\/fr\/?s={search_term_string}"},"query-input":{"@type":"PropertyValueSpecification","valueRequired":true,"valueName":"search_term_string"}}],"inLanguage":"fr-CA"}]}},"_links":{"self":[{"href":"https:\/\/www.pillarstrust.org\/fr\/wp-json\/wp\/v2\/pages\/1345","targetHints":{"allow":["GET"]}}],"collection":[{"href":"https:\/\/www.pillarstrust.org\/fr\/wp-json\/wp\/v2\/pages"}],"about":[{"href":"https:\/\/www.pillarstrust.org\/fr\/wp-json\/wp\/v2\/types\/page"}],"author":[{"embeddable":true,"href":"https:\/\/www.pillarstrust.org\/fr\/wp-json\/wp\/v2\/users\/2"}],"replies":[{"embeddable":true,"href":"https:\/\/www.pillarstrust.org\/fr\/wp-json\/wp\/v2\/comments?post=1345"}],"version-history":[{"count":2,"href":"https:\/\/www.pillarstrust.org\/fr\/wp-json\/wp\/v2\/pages\/1345\/revisions"}],"predecessor-version":[{"id":1347,"href":"https:\/\/www.pillarstrust.org\/fr\/wp-json\/wp\/v2\/pages\/1345\/revisions\/1347"}],"wp:featuredmedia":[{"embeddable":true,"href":"https:\/\/www.pillarstrust.org\/fr\/wp-json\/wp\/v2\/media\/1281"}],"wp:attachment":[{"href":"https:\/\/www.pillarstrust.org\/fr\/wp-json\/wp\/v2\/media?parent=1345"}],"curies":[{"name":"wp","href":"https:\/\/api.w.org\/{rel}","templated":true}]}}